{"id":729,"date":"2022-02-16T14:27:47","date_gmt":"2022-02-16T14:27:47","guid":{"rendered":"https:\/\/jonathermal.hu\/?page_id=729"},"modified":"2022-02-16T14:30:38","modified_gmt":"2022-02-16T14:30:38","slug":"jonathermal-gyogy-es-elmenyfurdo-kiskunmajsa-tortenete","status":"publish","type":"page","link":"https:\/\/jonathermal.hu\/de\/jonathermal-gyogy-es-elmenyfurdo-kiskunmajsa-tortenete\/","title":{"rendered":"Jonatherm\u00e1l Gy\u00f3gy- \u00e9s \u00c9lm\u00e9nyf\u00fcrd\u0151 Kiskunmajsa t\u00f6rt\u00e9nete"},"content":{"rendered":"<div data-elementor-type=\"wp-page\" data-elementor-id=\"729\" class=\"elementor elementor-729\" data-elementor-post-type=\"page\">\n\t\t\t\t\t\t<section class=\"elementor-section elementor-top-section elementor-element elementor-element-4f424e7 elementor-section-boxed elementor-section-height-default elementor-section-height-default\" data-id=\"4f424e7\" data-element_type=\"section\" data-e-type=\"section\">\n\t\t\t\t\t\t<div class=\"elementor-container elementor-column-gap-default\">\n\t\t\t\t\t<div class=\"elementor-column elementor-col-100 elementor-top-column elementor-element elementor-element-bd118d5\" data-id=\"bd118d5\" data-element_type=\"column\" data-e-type=\"column\">\n\t\t\t<div class=\"elementor-widget-wrap elementor-element-populated\">\n\t\t\t\t\t\t<div class=\"elementor-element elementor-element-a8c685c elementor-widget elementor-widget-text-editor\" data-id=\"a8c685c\" data-element_type=\"widget\" data-e-type=\"widget\" data-widget_type=\"text-editor.default\">\n\t\t\t\t<div class=\"elementor-widget-container\">\n\t\t\t\t\t\t\t\t\t<h4><strong>Olajat kerestek, term\u00e1lvizet tal\u00e1ltak<br \/><br \/><\/strong><\/h4><p>K\u00f6zismert t\u00e9ny, hogy Magyarorsz\u00e1g igen gazdag term\u00e1lv\u00edzkinccsel rendelkezik: az orsz\u00e1g ter\u00fclet\u00e9nek csaknem k\u00e9tharmada alatt megtal\u00e1lhat\u00f3 term\u00e1lv\u00edzforr\u00e1s nagy r\u00e9sze az Alf\u00f6ld alatt h\u00faz\u00f3dik. Tov\u00e1bbi szerencs\u00e9s k\u00f6r\u00fclm\u00e9nyt jelent, hogy a term\u00e1lv\u00edzr\u00e9tegek haz\u00e1nkban l\u00e9nyegesen k\u00f6nnyebben \u2013 kisebb m\u00e9lys\u00e9gbe lef\u00farva \u2013 \u00e9rhet\u0151k el, \u00e9s a felsz\u00ednre t\u00f6r\u0151 term\u00e1lv\u00edz \u00e1tlagos h\u0151m\u00e9rs\u00e9klete is magasabb, mint m\u00e1s orsz\u00e1gok ter\u00fclet\u00e9n. E nagyszer\u0171 adotts\u00e1gban rejl\u0151 lehet\u0151s\u00e9geket sokan felismert\u00e9k \u00e9s a v\u00edzb\u00e1zisok kihaszn\u00e1l\u00e1s\u00e1ra sz\u00e1mos term\u00e1lf\u00fcrd\u0151 \u00e9p\u00fclt szerte az orsz\u00e1gban, \u00edgy Kiskunmajs\u00e1n is. F\u00fcrd\u0151nk l\u00e9trej\u00f6tt\u00e9hez azonban r\u00f6g\u00f6s \u00fat vezetett.<\/p><p>Az 1960-as \u00e9vekben m\u00e9g nem a term\u00e1lv\u00edzkincs felt\u00e1r\u00e1s\u00e1nak v\u00e1gya hozta a D\u00e9l-Alf\u00f6ldre a kutat\u00f3kat, hanem a sz\u00e9nhidrog\u00e9nek\u00e9, aminek kutat\u00e1sa akkoriban strat\u00e9giai fontoss\u00e1g\u00fa ter\u00fcletnek sz\u00e1m\u00edtott az orsz\u00e1gban. Kiskunmajs\u00e1n t\u00f6bb f\u00far\u00e1s is sikertelen\u00fcl v\u00e9gz\u0151d\u00f6tt ebb\u0151l a szempontb\u00f3l, hiszen k\u0151olajat nem tal\u00e1ltak a ter\u00fcleten. A f\u00far\u00e1si m\u0171veletek mell\u00e9kterm\u00e9kek\u00e9nt azonban term\u00e1lv\u00edz t\u00f6rt a felsz\u00ednre, aminek jelent\u0151s\u00e9g\u00e9r\u0151l akkor m\u00e9g fogalma sem volt a telep\u00fcl\u00e9snek. A term\u00e1lv\u00edzkutak hossz\u00fa \u00e9vekig lefedve v\u00e1rt\u00e1k, hogy egyszer valaki megl\u00e1ssa benn\u00fck azt az \u00e9rt\u00e9ket, amelyre alapozva Kiskunmajsa egyszer t\u00f6bb lehet, mint egy egyszer\u0171 kisv\u00e1ros a D\u00e9l-Alf\u00f6ld sz\u00edv\u00e9ben.<\/p><h4><strong>F\u00fcrd\u0151t \u00e1lmodni a puszta k\u00f6zep\u00e9re<br \/><br \/><\/strong><\/h4><p>A majsai lakoss\u00e1g m\u00e1r a term\u00e1lv\u00edz felt\u00e1r\u00e1sa el\u0151tt is v\u00e1gyott egy f\u00fcrd\u0151re. A tervek azonban, eltekintve n\u00e9h\u00e1ny gyeng\u00e9bb pr\u00f3b\u00e1lkoz\u00e1st\u00f3l, jobb\u00e1ra csak tervek maradtak, eg\u00e9szen az 1980-as \u00e9vek elej\u00e9ig.<\/p><p>A Kiskunmajs\u00e1n m\u0171k\u00f6d\u0151, a jonath\u00e1n alm\u00e1r\u00f3l elnevezett Jonath\u00e1n Mez\u0151gazdas\u00e1gi Termel\u0151sz\u00f6vetkezet (TSZ) akkori eln\u00f6ke, Dr. Vedres Ferenc gondolt egy mer\u00e9szet \u00e9s elhat\u00e1rozta, hogy megval\u00f3s\u00edtja a majsaiak r\u00e9gi \u00e1lm\u00e1t: meg\u00e9p\u00edti a v\u00e1gyott f\u00fcrd\u0151t Kiskunmajsa hat\u00e1r\u00e1ban, a puszta k\u00f6zep\u00e9n. A TSZ tulajdon\u00e1ban l\u00e9v\u0151 term\u00e1lkutak ilyen ir\u00e1ny\u00fa hasznos\u00edt\u00e1sa nagyon j\u00f3 megold\u00e1snak t\u0171nt, \u00edgy hamarosan el is kezd\u0151dtek a munk\u00e1latok.<\/p><p>A f\u00fcrd\u0151\u00e9p\u00edt\u00e9s els\u0151 szakasz\u00e1ban a fogad\u00f3\u00e9p\u00fclet, amelyben a p\u00e9nzt\u00e1rak \u00e9s az \u00f6lt\u00f6z\u0151k tal\u00e1lhat\u00f3k, a term\u00e1lvizes medenc\u00e9ket mag\u00e1ban foglal\u00f3, ma m\u00e1r fedett csarnok medenc\u00e9i, valamint a jelenleg is a szabad \u00e9g alatt m\u0171k\u00f6d\u0151 k\u00f6r alak\u00fa term\u00e1lmedence \u00e9s a k\u00f6zel\u00e9ben l\u00e9v\u0151 gyermekmedence k\u00e9sz\u00fcltek el. A f\u00fcrd\u0151 hivatalos megnyit\u00f3j\u00e1ra 1984. augusztus 20-\u00e1n ker\u00fclt sor.<\/p><p>A f\u00fcrd\u0151\u00e9p\u00edt\u00e9ssel k\u00f6zel egy id\u0151ben kezd\u0151d\u00f6tt a motel \u00e9s kemping kialak\u00edt\u00e1sa is, a majdani turistaforgalomra gondolva, s a f\u00fcrd\u0151vel szemk\u00f6zti ter\u00fcleten is ez id\u0151 t\u00e1jt ker\u00fclt kialak\u00edt\u00e1sra az \u00fcd\u00fcl\u0151falu, amely ma m\u00e1r t\u00f6bb mint 400, t\u00f6bbnyire mag\u00e1nk\u00e9zben l\u00e9v\u0151 h\u00e1zat foglal mag\u00e1ban.<\/p><h4><strong>Jonath\u00e1nb\u00f3l Jonatherm\u00e1l<br \/><br \/><\/strong><\/h4><p>1984-es megnyit\u00e1s\u00e1t k\u00f6vet\u0151en a f\u00fcrd\u0151 egyre n\u00e9pszer\u0171bb lett. A helyi lakoss\u00e1g \u00e9s a k\u00f6rny\u00e9kbeliek egyik kedvelt ny\u00e1ri programj\u00e1v\u00e1 v\u00e1lt a \u201emajsai strand&#8221;-on val\u00f3 f\u00fcrd\u0151z\u00e9s. Ek\u00f6zben, a kempingez\u00e9si lehet\u0151s\u00e9get kihaszn\u00e1lva, a k\u00fclf\u00f6ldi, f\u0151k\u00e9nt keletn\u00e9met turist\u00e1k sz\u00e1ma is sz\u00e9pen gyarapodott, \u00e9s Kiskunmajsa egy kellemes d\u00e9l-alf\u00f6ldi pihen\u0151helly\u00e9 fejl\u0151d\u00f6tt az \u00e9vek sor\u00e1n.<\/p><p>A f\u00fcrd\u0151 fejleszt\u00e9se, lesz\u00e1m\u00edtva a term\u00e1lvizes csarnok befed\u00e9s\u00e9t, a nyit\u00e1s\u00e1t k\u00f6vet\u0151en b\u0151 m\u00e1sf\u00e9l \u00e9vtizedig v\u00e1ratott mag\u00e1ra. A rendszerv\u00e1ltoz\u00e1st k\u00f6vet\u0151en a TSZ felsz\u00e1mol\u00e1sra ker\u00fclt, a f\u00fcrd\u0151 pedig, a kialakult turisztikai hagyom\u00e1nyok folytat\u00e1s\u00e1ra, \u00f6n\u00e1ll\u00f3 gazd\u00e1lkod\u00f3 egys\u00e9gk\u00e9nt kezdett m\u0171k\u00f6dni. A f\u00fcrd\u0151t \u00fczemeltet\u0151 c\u00e9g nev\u00e9ben meg szerett\u00e9k volna \u0151rizni a kor\u00e1bbi TSZ, azaz a f\u00fcrd\u0151 l\u00e9trehoz\u00f3j\u00e1nak nev\u00e9t, \u00edgy a Jonath\u00e1n \u00e9s a therm\u00e1l(f\u00fcrd\u0151) szavak \u00f6sszevon\u00e1s\u00e1val megalkott\u00e1k a Jonatherm\u00e1l nevet, amelyet mind a mai napig visel a ma m\u00e1r r\u00e9szv\u00e9nyt\u00e1rsas\u00e1gi form\u00e1ban m\u0171k\u00f6d\u0151 v\u00e1llalkoz\u00e1s.<\/p><h4><strong>\u201eVan egy hely a Nap alatt&#8221;<br \/><br \/><\/strong><\/h4><p>A Jonatherm\u00e1l n\u00e9v kialak\u00edt\u00e1s\u00e1val egy\u00fctt a f\u00fcrd\u0151 log\u00f3ja is elk\u00e9sz\u00fclt, amely a c\u00e9gn\u00e9v k\u00e9t tagj\u00e1nak kezd\u0151bet\u0171j\u00e9t (JT) form\u00e1zza. A \u201ej&#8221; bet\u0171 tetej\u00e9n a pont narancss\u00e1rga sz\u00ednt kapott, hiszen a szint\u00e9n ekkor kidolgozott mott\u00f3ra utalva a D\u00e9l-Alf\u00f6ld f\u00f6l\u00f6tt ragyog\u00f3 napot form\u00e1zza. A log\u00f3 als\u00f3 r\u00e9sz\u00e9n k\u00e9k hull\u00e1mok form\u00e1j\u00e1ban term\u00e9szetesen megjelenik a v\u00edz is, amit tov\u00e1bb er\u0151s\u00edt a bet\u0171k k\u00e9k sz\u00edne. A teljes log\u00f3t egy\u00fctt n\u00e9zve a kompoz\u00edci\u00f3nak olyan hat\u00e1sa van, mintha egy vil\u00e1gosk\u00e9k f\u00fcrd\u0151ruh\u00e1ba \u00f6lt\u00f6z\u00f6tt ember \u00e9ppen lecs\u00faszna egy s\u00f6t\u00e9tk\u00e9k cs\u00faszd\u00e1n. Ekkor ugyan m\u00e9g nem volt cs\u00faszd\u00e1s medenc\u00e9je a f\u00fcrd\u0151nek, de az elk\u00e9pzel\u00e9sek m\u00e1r vil\u00e1gos form\u00e1t \u00f6lt\u00f6ttek. A c\u00e9l nem lehetett m\u00e1s, mint a f\u00fcrd\u0151 tov\u00e1bbfejleszt\u00e9se az \u00faj ig\u00e9nyek figyelembev\u00e9tel\u00e9vel.<\/p><h4><strong>Gy\u00f3gyf\u00fcrd\u0151b\u0151l h\u00e1romgener\u00e1ci\u00f3s csal\u00e1di f\u00fcrd\u0151<br \/><br \/><\/strong><\/h4><p>A k\u00e9k cs\u00faszda v\u00edzi\u00f3ja 2001-ben \u00f6lt\u00f6tt testet, amikor is hossz\u00fa el\u0151k\u00e9sz\u00edt\u0151 munka \u00e9s h\u00f3napokig tart\u00f3 \u00e9p\u00edtkez\u00e9st k\u00f6vet\u0151en a Jonatherm\u00e1l fejleszt\u00e9si tev\u00e9kenys\u00e9ge meghozta els\u0151 gy\u00fcm\u00f6lcs\u00e9t, \u00e9s elk\u00e9sz\u00fclt az \u00e9lm\u00e9nyf\u00fcrd\u0151. A k\u00fcl\u00f6nf\u00e9le \u00e9lm\u00e9nyelemekkel felszerelt medenc\u00e9nek m\u00e1r egy \u00fan. dombcs\u00faszd\u00e1ja is van.<\/p><p>A f\u00fcrd\u0151 b\u0151v\u00fcl\u00e9se, korszer\u0171s\u00f6d\u00e9se a k\u00f6vetkez\u0151 \u00e9vekben is folytat\u00f3dott. 2004 nyar\u00e1n a vend\u00e9gek birtokba vehett\u00e9k a cs\u00faszdaparkot \u00e9s a hozz\u00e1 szervesen kapcsol\u00f3d\u00f3 gyermek v\u00edziparadicsomot. 2005-ben pedig az aquapark kieg\u00e9sz\u00fclt egy hull\u00e1mmedenc\u00e9vel, amely a tenger hull\u00e1mz\u00e1s\u00e1nak \u00e9rzet\u00e9t id\u00e9zi a benne megm\u00e1rt\u00f3z\u00f3k sz\u00e1m\u00e1ra.<\/p><p>2010-ben megt\u00f6rt\u00e9nt a f\u00fcrd\u0151csarnok rekonstrukci\u00f3ja is, melynek r\u00e9v\u00e9n az \u00e9p\u00fclet \u00fagy kapott \u00faj k\u00f6nt\u00f6st, hogy k\u00f6zben meg\u0151rizte az eredeti csarnok von\u00e1sait. A v\u00e9geredm\u00e9ny egy harmonikus, kellemes l\u00e9gk\u00f6r\u0171 csarnok, ahol k\u00f6nny\u0171 ellazulni, kikapcsol\u00f3dni.<\/p><p>A f\u00fcrd\u0151 l\u00e9tes\u00edtm\u00e9nyei mellett annak szolg\u00e1ltat\u00e1sai is b\u0151v\u00fcltek az eltelt \u00e9vek sor\u00e1n. Gyarapodott az ig\u00e9nybe vehet\u0151 gy\u00f3gyszolg\u00e1ltat\u00e1sok k\u00f6re \u00e9s megjelentek a k\u00edn\u00e1latban a wellness szolg\u00e1ltat\u00e1sok.<\/p><p>Mindek\u00f6zben a motel, kemping is fejl\u0151d\u00f6tt. A hagyom\u00e1nyos motelszob\u00e1k mellett megjelentek a komfortos \u00e9s komfort n\u00e9lk\u00fcli fah\u00e1zak, apartmanok, \u00fcd\u00fcl\u0151h\u00e1zak ker\u00fcltek a sz\u00e1ll\u00e1sk\u00edn\u00e1latba. Rendezv\u00e9nyterem \u00e9p\u00fclt, kib\u0151v\u00fclt \u00e9s \u00e1talakult a recepci\u00f3 \u00e9p\u00fclete, hangulatos terasszal gazdagodott az \u00e9p\u00fcletegy\u00fcttes. Gyarapodott a kiszolg\u00e1l\u00f3 \u00e9p\u00fcletek sz\u00e1ma is.<\/p><p>Mindezek a v\u00e1ltoz\u00e1sok a fontos l\u00e9pcs\u0151fokai annak, hogy a Jonatherm\u00e1l Gy\u00f3gy- \u00e9s \u00c9lm\u00e9nyf\u00fcrd\u0151 ma m\u00e1r h\u00e1romgener\u00e1ci\u00f3s csal\u00e1di f\u00fcrd\u0151k\u00e9nt m\u0171k\u00f6dik, hiszen valamennyi koroszt\u00e1ly megtal\u00e1lja a maga sz\u00e1m\u00e1ra legmegfelel\u0151bb kikapcsol\u00f3d\u00e1si, sz\u00f3rakoz\u00e1si lehet\u0151s\u00e9geket a szolg\u00e1ltat\u00e1sok k\u00f6z\u00f6tt.<\/p><p>A f\u00fcrd\u0151 csal\u00e1dbar\u00e1t jelleg\u00e9t azzal is er\u0151s\u00edti, hogy a f\u00fcrd\u0151ben valamennyi \u00fczemben l\u00e9v\u0151 medenc\u00e9t egy bel\u00e9p\u0151vel haszn\u00e1lhatnak a vend\u00e9gek. Nem kell k\u00fcl\u00f6n fizetni a cs\u00faszd\u00e1k, a s\u00f3kamra, a finn szauna \u00e9s a jakuzzi haszn\u00e1lat\u00e1\u00e9rt sem.<\/p><h4><strong>A f\u00fcrd\u0151z\u00e9sen t\u00fal &#8211; avagy a c\u00e9g t\u00e1rsadalmi felel\u0151ss\u00e9gv\u00e1llal\u00e1sa (CSR)<br \/><br \/><\/strong><\/h4><p>A Jonatherm\u00e1l Gy\u00f3gy- \u00e9s \u00c9lm\u00e9nyf\u00fcrd\u0151 nemcsak alapszolg\u00e1ltat\u00e1sainak fejleszt\u00e9s\u00e9re koncentr\u00e1l, hanem ugyanolyan fontosnak tartja, hogy mindehhez megfelel\u0151 k\u00f6rnyezetet is biztos\u00edtson. A k\u00f6rnyezetv\u00e9delem fontos r\u00e9sz\u00e9t k\u00e9pezi m\u0171k\u00f6d\u00e9s\u00e9nek, \u00e9s nemcsak a k\u00f6telez\u0151 el\u0151\u00edr\u00e1sok betart\u00e1s\u00e1ra szor\u00edtkozik. A f\u00fcrd\u0151 \u00e9s a motel \u00e9p\u00fcleteit term\u00e1lv\u00edzzel f\u0171tik, \u00edgy hasznos\u00edtva a f\u00f6ldb\u0151l 72 fokosan felt\u00f6r\u0151 v\u00edz h\u0151energi\u00e1j\u00e1nak jelent\u0151s r\u00e9sz\u00e9t, miel\u0151tt a v\u00edz a medenc\u00e9kbe ker\u00fclne.<\/p><p>A Jonatherm\u00e1l egyike az els\u0151 szervezeteknek, akik szelekt\u00edv hullad\u00e9kgy\u0171jt\u00e9sre buzd\u00edtj\u00e1k vend\u00e9geiket \u2013 ehhez a sz\u00fcks\u00e9ges felt\u00e9teleket is biztos\u00edtja \u2013, mozgalmat ind\u00edtott a helyi \u00e1ltal\u00e1nos iskol\u00e1val, amelynek keret\u00e9ben a di\u00e1kok a tan\u00e9v alatt \u00f6sszegy\u0171jtik a telep\u00fcl\u00e9s elhaszn\u00e1lt sz\u00e1razelem-hullad\u00e9k\u00e1t, ezzel megakad\u00e1lyozva, hogy vesz\u00e9lyes anyagok ker\u00fcljenek a talajba.<\/p><p>A f\u00fcrd\u0151nek saj\u00e1t kert\u00e9szete van, amely a hatalmas gyepes ter\u00fclet gondoz\u00e1sa mellett t\u00f6bbek k\u00f6z\u00f6tt maga termeszti a f\u00fcrd\u0151 \u00e9s motel ter\u00fclet\u00e9n el\u00fcltetett vir\u00e1gokat. A Jonatherm\u00e1l elk\u00f6telezett term\u00e9szetv\u00e9d\u0151k\u00e9nt minden \u00e9vben mad\u00e1rod\u00fak tucatjait helyezi ki a f\u00fcrd\u0151 k\u00f6rny\u00e9ki f\u00e1kra, hogy f\u00e9szkel\u0151helyet biztos\u00edtson a t\u00e1j jellegzetes madarai sz\u00e1m\u00e1ra, tov\u00e1bb\u00e1 t\u00e1mogatja a Kiskuns\u00e1gban \u0151shonos, s ma m\u00e1r csak itt fellelhet\u0151 tart\u00f3s szekf\u0171 meg\u00f3v\u00e1s\u00e1t.<\/p>\t\t\t\t\t\t\t\t<\/div>\n\t\t\t\t<\/div>\n\t\t\t\t\t<\/div>\n\t\t<\/div>\n\t\t\t\t\t<\/div>\n\t\t<\/section>\n\t\t\t\t<\/div>","protected":false},"excerpt":{"rendered":"<p>Olajat kerestek, term\u00e1lvizet tal\u00e1ltak K\u00f6zismert t\u00e9ny, hogy Magyarorsz\u00e1g igen gazdag term\u00e1lv\u00edzkinccsel rendelkezik: az orsz\u00e1g ter\u00fclet\u00e9nek csaknem k\u00e9tharmada alatt megtal\u00e1lhat\u00f3 term\u00e1lv\u00edzforr\u00e1s nagy r\u00e9sze az Alf\u00f6ld alatt h\u00faz\u00f3dik. Tov\u00e1bbi szerencs\u00e9s k\u00f6r\u00fclm\u00e9nyt jelent, hogy a term\u00e1lv\u00edzr\u00e9tegek haz\u00e1nkban l\u00e9nyegesen k\u00f6nnyebben \u2013 kisebb m\u00e9lys\u00e9gbe lef\u00farva \u2013 \u00e9rhet\u0151k el, \u00e9s a felsz\u00ednre t\u00f6r\u0151 term\u00e1lv\u00edz \u00e1tlagos h\u0151m\u00e9rs\u00e9klete is magasabb, mint m\u00e1s orsz\u00e1gok [&hellip;]<\/p>\n","protected":false},"author":1,"featured_media":0,"parent":0,"menu_order":0,"comment_status":"closed","ping_status":"closed","template":"","meta":{"site-sidebar-layout":"no-sidebar","site-content-layout":"page-builder","ast-site-content-layout":"default","site-content-style":"default","site-sidebar-style":"default","ast-global-header-display":"","ast-banner-title-visibility":"","ast-main-header-display":"","ast-hfb-above-header-display":"","ast-hfb-below-header-display":"","ast-hfb-mobile-header-display":"","site-post-title":"disabled","ast-breadcrumbs-content":"","ast-featured-img":"disabled","footer-sml-layout":"","ast-disable-related-posts":"","theme-transparent-header-meta":"","adv-header-id-meta":"","stick-header-meta":"","header-above-stick-meta":"","header-main-stick-meta":"","header-below-stick-meta":"","astra-migrate-meta-layouts":"default","ast-page-background-enabled":"default","ast-page-background-meta":{"desktop":{"background-color":"var(--ast-global-color-4)","background-image":"","background-repeat":"repeat","background-position":"center center","background-size":"auto","background-attachment":"scroll","background-type":"","background-media":"","overlay-type":"","overlay-color":"","overlay-opacity":"","overlay-gradient":""},"tablet":{"background-color":"","background-image":"","background-repeat":"repeat","background-position":"center center","background-size":"auto","background-attachment":"scroll","background-type":"","background-media":"","overlay-type":"","overlay-color":"","overlay-opacity":"","overlay-gradient":""},"mobile":{"background-color":"","background-image":"","background-repeat":"repeat","background-position":"center center","background-size":"auto","background-attachment":"scroll","background-type":"","background-media":"","overlay-type":"","overlay-color":"","overlay-opacity":"","overlay-gradient":""}},"ast-content-background-meta":{"desktop":{"background-color":"var(--ast-global-color-5)","background-image":"","background-repeat":"repeat","background-position":"center center","background-size":"auto","background-attachment":"scroll","background-type":"","background-media":"","overlay-type":"","overlay-color":"","overlay-opacity":"","overlay-gradient":""},"tablet":{"background-color":"var(--ast-global-color-5)","background-image":"","background-repeat":"repeat","background-position":"center center","background-size":"auto","background-attachment":"scroll","background-type":"","background-media":"","overlay-type":"","overlay-color":"","overlay-opacity":"","overlay-gradient":""},"mobile":{"background-color":"var(--ast-global-color-5)","background-image":"","background-repeat":"repeat","background-position":"center center","background-size":"auto","background-attachment":"scroll","background-type":"","background-media":"","overlay-type":"","overlay-color":"","overlay-opacity":"","overlay-gradient":""}},"footnotes":""},"class_list":["post-729","page","type-page","status-publish","hentry"],"yoast_head":"<!-- This site is optimized with the Yoast SEO Premium plugin v27.5 (Yoast SEO v27.5) - https:\/\/yoast.com\/product\/yoast-seo-premium-wordpress\/ -->\n<title>Jonatherm\u00e1l Gy\u00f3gy- \u00e9s \u00c9lm\u00e9nyf\u00fcrd\u0151 Kiskunmajsa t\u00f6rt\u00e9nete - Jonatherm\u00e1l Gy\u00f3gy- \u00e9s \u00c9lm\u00e9nyf\u00fcrd\u0151, Motel, Kemping<\/title>\n<meta name=\"robots\" content=\"index, follow, max-snippet:-1, max-image-preview:large, max-video-preview:-1\" \/>\n<link rel=\"canonical\" href=\"https:\/\/jonathermal.hu\/de\/jonathermal-gyogy-es-elmenyfurdo-kiskunmajsa-tortenete\/\" \/>\n<meta property=\"og:locale\" content=\"de_DE\" \/>\n<meta property=\"og:type\" content=\"article\" \/>\n<meta property=\"og:title\" content=\"Jonatherm\u00e1l Gy\u00f3gy- \u00e9s \u00c9lm\u00e9nyf\u00fcrd\u0151 Kiskunmajsa t\u00f6rt\u00e9nete\" \/>\n<meta property=\"og:description\" content=\"Olajat kerestek, term\u00e1lvizet tal\u00e1ltak K\u00f6zismert t\u00e9ny, hogy Magyarorsz\u00e1g igen gazdag term\u00e1lv\u00edzkinccsel rendelkezik: az orsz\u00e1g ter\u00fclet\u00e9nek csaknem k\u00e9tharmada alatt megtal\u00e1lhat\u00f3 term\u00e1lv\u00edzforr\u00e1s nagy r\u00e9sze az Alf\u00f6ld alatt h\u00faz\u00f3dik. Tov\u00e1bbi szerencs\u00e9s k\u00f6r\u00fclm\u00e9nyt jelent, hogy a term\u00e1lv\u00edzr\u00e9tegek haz\u00e1nkban l\u00e9nyegesen k\u00f6nnyebben \u2013 kisebb m\u00e9lys\u00e9gbe lef\u00farva \u2013 \u00e9rhet\u0151k el, \u00e9s a felsz\u00ednre t\u00f6r\u0151 term\u00e1lv\u00edz \u00e1tlagos h\u0151m\u00e9rs\u00e9klete is magasabb, mint m\u00e1s orsz\u00e1gok [&hellip;]\" \/>\n<meta property=\"og:url\" content=\"https:\/\/jonathermal.hu\/de\/jonathermal-gyogy-es-elmenyfurdo-kiskunmajsa-tortenete\/\" \/>\n<meta property=\"og:site_name\" content=\"Jonatherm\u00e1l Gy\u00f3gy- \u00e9s \u00c9lm\u00e9nyf\u00fcrd\u0151, Motel, Kemping\" \/>\n<meta property=\"article:publisher\" content=\"https:\/\/www.facebook.com\/Jonathermal\/\" \/>\n<meta property=\"article:modified_time\" content=\"2022-02-16T14:30:38+00:00\" \/>\n<meta name=\"twitter:card\" content=\"summary_large_image\" \/>\n<script type=\"application\/ld+json\" class=\"yoast-schema-graph\">{\"@context\":\"https:\\\/\\\/schema.org\",\"@graph\":[{\"@type\":\"WebPage\",\"@id\":\"https:\\\/\\\/jonathermal.hu\\\/de\\\/jonathermal-gyogy-es-elmenyfurdo-kiskunmajsa-tortenete\\\/\",\"url\":\"https:\\\/\\\/jonathermal.hu\\\/de\\\/jonathermal-gyogy-es-elmenyfurdo-kiskunmajsa-tortenete\\\/\",\"name\":\"Jonatherm\u00e1l Gy\u00f3gy- \u00e9s \u00c9lm\u00e9nyf\u00fcrd\u0151 Kiskunmajsa t\u00f6rt\u00e9nete - Jonatherm\u00e1l Gy\u00f3gy- \u00e9s \u00c9lm\u00e9nyf\u00fcrd\u0151, Motel, Kemping\",\"isPartOf\":{\"@id\":\"https:\\\/\\\/jonathermal.hu\\\/#website\"},\"datePublished\":\"2022-02-16T14:27:47+00:00\",\"dateModified\":\"2022-02-16T14:30:38+00:00\",\"breadcrumb\":{\"@id\":\"https:\\\/\\\/jonathermal.hu\\\/de\\\/jonathermal-gyogy-es-elmenyfurdo-kiskunmajsa-tortenete\\\/#breadcrumb\"},\"inLanguage\":\"de\",\"potentialAction\":[{\"@type\":\"ReadAction\",\"target\":[\"https:\\\/\\\/jonathermal.hu\\\/de\\\/jonathermal-gyogy-es-elmenyfurdo-kiskunmajsa-tortenete\\\/\"]}]},{\"@type\":\"BreadcrumbList\",\"@id\":\"https:\\\/\\\/jonathermal.hu\\\/de\\\/jonathermal-gyogy-es-elmenyfurdo-kiskunmajsa-tortenete\\\/#breadcrumb\",\"itemListElement\":[{\"@type\":\"ListItem\",\"position\":1,\"name\":\"Kezd\u0151lap\",\"item\":\"https:\\\/\\\/jonathermal.hu\\\/\"},{\"@type\":\"ListItem\",\"position\":2,\"name\":\"Jonatherm\u00e1l Gy\u00f3gy- \u00e9s \u00c9lm\u00e9nyf\u00fcrd\u0151 Kiskunmajsa t\u00f6rt\u00e9nete\"}]},{\"@type\":\"WebSite\",\"@id\":\"https:\\\/\\\/jonathermal.hu\\\/#website\",\"url\":\"https:\\\/\\\/jonathermal.hu\\\/\",\"name\":\"Jonatherm\u00e1l Gy\u00f3gy- \u00e9s \u00c9lm\u00e9nyf\u00fcrd\u0151, Motel, Kemping\",\"description\":\"Kiskunmajsa\",\"publisher\":{\"@id\":\"https:\\\/\\\/jonathermal.hu\\\/#organization\"},\"potentialAction\":[{\"@type\":\"SearchAction\",\"target\":{\"@type\":\"EntryPoint\",\"urlTemplate\":\"https:\\\/\\\/jonathermal.hu\\\/?s={search_term_string}\"},\"query-input\":{\"@type\":\"PropertyValueSpecification\",\"valueRequired\":true,\"valueName\":\"search_term_string\"}}],\"inLanguage\":\"de\"},{\"@type\":\"Organization\",\"@id\":\"https:\\\/\\\/jonathermal.hu\\\/#organization\",\"name\":\"Jonatherm\u00e1l Gy\u00f3gy- \u00e9s \u00c9lm\u00e9nyf\u00fcrd\u0151, Motel, Kemping Kiskunmajsa\",\"url\":\"https:\\\/\\\/jonathermal.hu\\\/\",\"logo\":{\"@type\":\"ImageObject\",\"inLanguage\":\"de\",\"@id\":\"https:\\\/\\\/jonathermal.hu\\\/#\\\/schema\\\/logo\\\/image\\\/\",\"url\":\"https:\\\/\\\/jonathermal.hu\\\/wp-content\\\/uploads\\\/2022\\\/02\\\/jonatherma\u0301l-logo.png\",\"contentUrl\":\"https:\\\/\\\/jonathermal.hu\\\/wp-content\\\/uploads\\\/2022\\\/02\\\/jonatherma\u0301l-logo.png\",\"width\":200,\"height\":142,\"caption\":\"Jonatherm\u00e1l Gy\u00f3gy- \u00e9s \u00c9lm\u00e9nyf\u00fcrd\u0151, Motel, Kemping Kiskunmajsa\"},\"image\":{\"@id\":\"https:\\\/\\\/jonathermal.hu\\\/#\\\/schema\\\/logo\\\/image\\\/\"},\"sameAs\":[\"https:\\\/\\\/www.facebook.com\\\/Jonathermal\\\/\",\"https:\\\/\\\/www.instagram.com\\\/jonathermal\\\/\",\"https:\\\/\\\/www.youtube.com\\\/channel\\\/UCTAd0tjGBgxWEJfuY378_Qw\\\/featured\"]}]}<\/script>\n<!-- \/ Yoast SEO Premium plugin. -->","yoast_head_json":{"title":"Jonatherm\u00e1l Gy\u00f3gy- \u00e9s \u00c9lm\u00e9nyf\u00fcrd\u0151 Kiskunmajsa t\u00f6rt\u00e9nete - Jonatherm\u00e1l Gy\u00f3gy- \u00e9s \u00c9lm\u00e9nyf\u00fcrd\u0151, Motel, Kemping","robots":{"index":"index","follow":"follow","max-snippet":"max-snippet:-1","max-image-preview":"max-image-preview:large","max-video-preview":"max-video-preview:-1"},"canonical":"https:\/\/jonathermal.hu\/de\/jonathermal-gyogy-es-elmenyfurdo-kiskunmajsa-tortenete\/","og_locale":"de_DE","og_type":"article","og_title":"Jonatherm\u00e1l Gy\u00f3gy- \u00e9s \u00c9lm\u00e9nyf\u00fcrd\u0151 Kiskunmajsa t\u00f6rt\u00e9nete","og_description":"Olajat kerestek, term\u00e1lvizet tal\u00e1ltak K\u00f6zismert t\u00e9ny, hogy Magyarorsz\u00e1g igen gazdag term\u00e1lv\u00edzkinccsel rendelkezik: az orsz\u00e1g ter\u00fclet\u00e9nek csaknem k\u00e9tharmada alatt megtal\u00e1lhat\u00f3 term\u00e1lv\u00edzforr\u00e1s nagy r\u00e9sze az Alf\u00f6ld alatt h\u00faz\u00f3dik. Tov\u00e1bbi szerencs\u00e9s k\u00f6r\u00fclm\u00e9nyt jelent, hogy a term\u00e1lv\u00edzr\u00e9tegek haz\u00e1nkban l\u00e9nyegesen k\u00f6nnyebben \u2013 kisebb m\u00e9lys\u00e9gbe lef\u00farva \u2013 \u00e9rhet\u0151k el, \u00e9s a felsz\u00ednre t\u00f6r\u0151 term\u00e1lv\u00edz \u00e1tlagos h\u0151m\u00e9rs\u00e9klete is magasabb, mint m\u00e1s orsz\u00e1gok [&hellip;]","og_url":"https:\/\/jonathermal.hu\/de\/jonathermal-gyogy-es-elmenyfurdo-kiskunmajsa-tortenete\/","og_site_name":"Jonatherm\u00e1l Gy\u00f3gy- \u00e9s \u00c9lm\u00e9nyf\u00fcrd\u0151, Motel, Kemping","article_publisher":"https:\/\/www.facebook.com\/Jonathermal\/","article_modified_time":"2022-02-16T14:30:38+00:00","twitter_card":"summary_large_image","schema":{"@context":"https:\/\/schema.org","@graph":[{"@type":"WebPage","@id":"https:\/\/jonathermal.hu\/de\/jonathermal-gyogy-es-elmenyfurdo-kiskunmajsa-tortenete\/","url":"https:\/\/jonathermal.hu\/de\/jonathermal-gyogy-es-elmenyfurdo-kiskunmajsa-tortenete\/","name":"Jonatherm\u00e1l Gy\u00f3gy- \u00e9s \u00c9lm\u00e9nyf\u00fcrd\u0151 Kiskunmajsa t\u00f6rt\u00e9nete - Jonatherm\u00e1l Gy\u00f3gy- \u00e9s \u00c9lm\u00e9nyf\u00fcrd\u0151, Motel, Kemping","isPartOf":{"@id":"https:\/\/jonathermal.hu\/#website"},"datePublished":"2022-02-16T14:27:47+00:00","dateModified":"2022-02-16T14:30:38+00:00","breadcrumb":{"@id":"https:\/\/jonathermal.hu\/de\/jonathermal-gyogy-es-elmenyfurdo-kiskunmajsa-tortenete\/#breadcrumb"},"inLanguage":"de","potentialAction":[{"@type":"ReadAction","target":["https:\/\/jonathermal.hu\/de\/jonathermal-gyogy-es-elmenyfurdo-kiskunmajsa-tortenete\/"]}]},{"@type":"BreadcrumbList","@id":"https:\/\/jonathermal.hu\/de\/jonathermal-gyogy-es-elmenyfurdo-kiskunmajsa-tortenete\/#breadcrumb","itemListElement":[{"@type":"ListItem","position":1,"name":"Kezd\u0151lap","item":"https:\/\/jonathermal.hu\/"},{"@type":"ListItem","position":2,"name":"Jonatherm\u00e1l Gy\u00f3gy- \u00e9s \u00c9lm\u00e9nyf\u00fcrd\u0151 Kiskunmajsa t\u00f6rt\u00e9nete"}]},{"@type":"WebSite","@id":"https:\/\/jonathermal.hu\/#website","url":"https:\/\/jonathermal.hu\/","name":"Jonatherm\u00e1l Gy\u00f3gy- \u00e9s \u00c9lm\u00e9nyf\u00fcrd\u0151, Motel, Kemping","description":"Kiskunmajsa","publisher":{"@id":"https:\/\/jonathermal.hu\/#organization"},"potentialAction":[{"@type":"SearchAction","target":{"@type":"EntryPoint","urlTemplate":"https:\/\/jonathermal.hu\/?s={search_term_string}"},"query-input":{"@type":"PropertyValueSpecification","valueRequired":true,"valueName":"search_term_string"}}],"inLanguage":"de"},{"@type":"Organization","@id":"https:\/\/jonathermal.hu\/#organization","name":"Jonatherm\u00e1l Gy\u00f3gy- \u00e9s \u00c9lm\u00e9nyf\u00fcrd\u0151, Motel, Kemping Kiskunmajsa","url":"https:\/\/jonathermal.hu\/","logo":{"@type":"ImageObject","inLanguage":"de","@id":"https:\/\/jonathermal.hu\/#\/schema\/logo\/image\/","url":"https:\/\/jonathermal.hu\/wp-content\/uploads\/2022\/02\/jonatherma\u0301l-logo.png","contentUrl":"https:\/\/jonathermal.hu\/wp-content\/uploads\/2022\/02\/jonatherma\u0301l-logo.png","width":200,"height":142,"caption":"Jonatherm\u00e1l Gy\u00f3gy- \u00e9s \u00c9lm\u00e9nyf\u00fcrd\u0151, Motel, Kemping Kiskunmajsa"},"image":{"@id":"https:\/\/jonathermal.hu\/#\/schema\/logo\/image\/"},"sameAs":["https:\/\/www.facebook.com\/Jonathermal\/","https:\/\/www.instagram.com\/jonathermal\/","https:\/\/www.youtube.com\/channel\/UCTAd0tjGBgxWEJfuY378_Qw\/featured"]}]}},"_links":{"self":[{"href":"https:\/\/jonathermal.hu\/de\/wp-json\/wp\/v2\/pages\/729","targetHints":{"allow":["GET"]}}],"collection":[{"href":"https:\/\/jonathermal.hu\/de\/wp-json\/wp\/v2\/pages"}],"about":[{"href":"https:\/\/jonathermal.hu\/de\/wp-json\/wp\/v2\/types\/page"}],"author":[{"embeddable":true,"href":"https:\/\/jonathermal.hu\/de\/wp-json\/wp\/v2\/users\/1"}],"replies":[{"embeddable":true,"href":"https:\/\/jonathermal.hu\/de\/wp-json\/wp\/v2\/comments?post=729"}],"version-history":[{"count":0,"href":"https:\/\/jonathermal.hu\/de\/wp-json\/wp\/v2\/pages\/729\/revisions"}],"wp:attachment":[{"href":"https:\/\/jonathermal.hu\/de\/wp-json\/wp\/v2\/media?parent=729"}],"curies":[{"name":"wp","href":"https:\/\/api.w.org\/{rel}","templated":true}]}}